{"id":448,"date":"2023-05-10T13:15:21","date_gmt":"2023-05-10T11:15:21","guid":{"rendered":"https:\/\/swisshandicapdrive.ch\/vorstand\/"},"modified":"2025-09-13T08:50:21","modified_gmt":"2025-09-13T06:50:21","slug":"vorstand","status":"publish","type":"page","link":"https:\/\/swisshandicapdrive.ch\/it\/vorstand\/","title":{"rendered":"Consiglio di amministrazione"},"content":{"rendered":"<div class=\"wpb-content-wrapper\"><p>[vc_row][vc_column][vc_custom_heading text=&#8221;Presidio&#8221; font_container=&#8221;tag:h1|text_align:center|color:%23111111&#8243; use_theme_fonts=&#8221;yes&#8221; css=&#8221;&#8221;][\/vc_column][\/vc_row][vc_row][vc_column width=&#8221;1\/3&#8243;][vc_single_image image=&#8221;168&#8243; img_size=&#8221;full&#8221;][vc_column_text]<\/p>\n<h3 style=\"text-align: center;\">Jasmin Rechsteiner<\/h3>\n<p style=\"text-align: center;\">Presidente<\/p>\n<p style=\"text-align: center;\"><a href=\"mailto:jasmin.rechsteiner@swisshandicapdrive.ch\" target=\"_blank\" rel=\"noopener noreferrer\" data-auth=\"NotApplicable\" data-safelink=\"true\" data-linkindex=\"0\">jasmin.rechsteiner@swisshandicapdrive.ch<\/a><\/p>\n<p>[\/vc_column_text][\/vc_column][vc_column width=&#8221;2\/3&#8243;][vc_column_text css=&#8221;.vc_custom_1713771193979{margin-top: 60px !important;}&#8221;]<a href=\"https:\/\/www.jasmin-rechsteiner.ch\/\" target=\"_blank\" rel=\"noopener\">www.jasmin-rechsteiner.ch<\/a><\/p>\n<p>In qualit\u00e0 di ambasciatore delle persone con disabilit\u00e0 e di autista disabile di lunga data, comprendo la necessit\u00e0 di una mobilit\u00e0 indipendente e le sfide ad essa associate. So anche quanto sia importante che gli utenti della strada con disabilit\u00e0 ricevano un supporto completo, dalla consulenza di esperti per l&#8217;acquisto o la conversione di un&#8217;auto, al rapporto con le autorit\u00e0 e alla partecipazione sicura e indipendente al traffico stradale. <\/p>\n<p>Sono lieto che Swiss Handicapdrive assuma questo importante ruolo di promozione della sicurezza stradale per le persone con disabilit\u00e0. Swiss Handicapdrive \u00e8 attivamente impegnata nello sviluppo di soluzioni innovative e complete e nel miglioramento della mobilit\u00e0 e dell&#8217;indipendenza delle persone con disabilit\u00e0 &#8211; una causa che io, in qualit\u00e0 di Presidente di Swiss Handicapdrive, considero una priorit\u00e0 assoluta. <\/p>\n<p>La capacit\u00e0 di guidare in modo indipendente \u00e8 di grande importanza per molte persone, in quanto conferisce loro indipendenza e flessibilit\u00e0 e permette loro di accedere a diverse aree della vita, indipendentemente dalla loro situazione personale.[\/vc_column_text][\/vc_column][\/vc_row][vc_row][vc_column][vc_custom_heading text=&#8221;Consiglio di Amministrazione di Swiss Handicapdrive Training&#8221; font_container=&#8221;tag:h2|text_align:center|color:%23111111&#8243; use_theme_fonts=&#8221;yes&#8221; css=&#8221;&#8221;][\/vc_column][\/vc_row][vc_row][vc_column width=&#8221;1\/3&#8243;][vc_column_text css=&#8221;.vc_custom_1757746036606{margin-bottom: 40px !important;}&#8221;]<\/p>\n<h3 style=\"text-align: center;\"><strong>Jean-Pierre Koch<\/strong><\/h3>\n<p style=\"text-align: center;\">Presidente<\/p>\n<p style=\"text-align: center;\"><a href=\"mailto:jean-pierre.koch@swisshandicapdrive.ch\">jean-pierre.koch@swisshandicapdrive.ch<\/a><\/p>\n<p>[\/vc_column_text][\/vc_column][vc_column width=&#8221;1\/3&#8243;][vc_column_text css=&#8221;.vc_custom_1712661629202{margin-bottom: 40px !important;}&#8221;]<\/p>\n<h3 style=\"text-align: center;\"><strong>Riccardo Pfister<\/strong><\/h3>\n<p style=\"text-align: center;\">Vicepresidente<\/p>\n<p style=\"text-align: center;\"><a href=\"mailto:riccardo.pfister@swisshandicapdrive.ch\" target=\"_blank\" rel=\"noopener noreferrer\" data-auth=\"NotApplicable\" data-safelink=\"true\" data-linkindex=\"0\">riccardo.pfister@swisshandicapdrive.ch<\/a><\/p>\n<p>[\/vc_column_text][\/vc_column][vc_column width=&#8221;1\/3&#8243;][vc_column_text css=&#8221;.vc_custom_1712661633695{margin-bottom: 40px !important;}&#8221;]<\/p>\n<h3 style=\"text-align: center;\"><strong>Silvio Hunkeler<\/strong><\/h3>\n<p style=\"text-align: center;\">Consulenza specialistica<\/p>\n<p style=\"text-align: center;\"><a href=\"mailto:silvio.hunkeler@swisshandicapdrive.ch\" target=\"_blank\" rel=\"noopener noreferrer\" data-auth=\"NotApplicable\" data-safelink=\"true\" data-linkindex=\"0\">silvio.hunkeler@swisshandicapdrive.ch<\/a><\/p>\n<p>[\/vc_column_text][\/vc_column][\/vc_row][vc_row][vc_column width=&#8221;1\/3&#8243;][vc_column_text css=&#8221;.vc_custom_1712661638307{margin-bottom: 40px !important;}&#8221;]<\/p>\n<h3 style=\"text-align: center;\"><strong>Nicole H\u00e4usler<\/strong><\/h3>\n<p style=\"text-align: center;\">Relazioni pubbliche<\/p>\n<p style=\"text-align: center;\"><a href=\"mailto:nicole.haeusler@swisshandicapdrive.ch\" target=\"_blank\" rel=\"noopener noreferrer\" data-auth=\"NotApplicable\" data-safelink=\"true\" data-linkindex=\"0\">nicole.haeusler@swisshandicapdrive.ch<\/a><\/p>\n<p>[\/vc_column_text][\/vc_column][vc_column width=&#8221;1\/3&#8243;][vc_column_text css=&#8221;.vc_custom_1712661642822{margin-bottom: 40px !important;}&#8221;]<\/p>\n<h3 style=\"text-align: center;\"><strong>Daniel Menzi<\/strong><\/h3>\n<p style=\"text-align: center;\">Responsabile Comunicazione e Sviluppo<\/p>\n<p style=\"text-align: center;\"><a href=\"mailto:daniel.menzi@swisshandicapdrive.ch\" target=\"_blank\" rel=\"noopener noreferrer\" data-auth=\"NotApplicable\" data-safelink=\"true\" data-linkindex=\"0\">daniel.menzi@swisshandicapdrive.ch<\/a><\/p>\n<p>[\/vc_column_text][\/vc_column][vc_column width=&#8221;1\/3&#8243;][\/vc_column][\/vc_row][vc_row][vc_column][vc_custom_heading text=&#8221;Consiglio di Amministrazione di Swiss Handicapdrive Technology&#8221; font_container=&#8221;tag:h2|text_align:center|color:%23111111&#8243; use_theme_fonts=&#8221;yes&#8221; css=&#8221;&#8221;][\/vc_column][\/vc_row][vc_row][vc_column width=&#8221;1\/3&#8243;][vc_column_text css=&#8221;.vc_custom_1712661662031{margin-bottom: 40px !important;}&#8221;]<\/p>\n<h3 style=\"text-align: center;\"><strong>Thomas Wildberger<\/strong><\/h3>\n<p style=\"text-align: center;\">Co-Presidente<\/p>\n<p style=\"text-align: center;\"><a href=\"mailto:thomas.wildberger@swisshandicapdrive.ch\" target=\"_blank\" rel=\"noopener noreferrer\" data-auth=\"NotApplicable\" data-safelink=\"true\" data-linkindex=\"0\">thomas.wildberger@swisshandicapdrive.ch<\/a><\/p>\n<p>[\/vc_column_text][\/vc_column][vc_column width=&#8221;1\/3&#8243;][vc_column_text css=&#8221;.vc_custom_1712661665383{margin-bottom: 40px !important;}&#8221;]<\/p>\n<h3 style=\"text-align: center;\"><strong>Georg Wildberger<\/strong><\/h3>\n<p style=\"text-align: center;\">Co-Presidente<\/p>\n<p style=\"text-align: center;\"><a href=\"mailto:georg.wildberger@swisshandicapdrive.ch\" target=\"_blank\" rel=\"noopener noreferrer\" data-auth=\"NotApplicable\" data-safelink=\"true\" data-linkindex=\"0\">georg.wildberger@swisshandicapdrive.ch<\/a><\/p>\n<p>[\/vc_column_text][\/vc_column][\/vc_row][vc_row][vc_column width=&#8221;1\/3&#8243;][vc_column_text css=&#8221;.vc_custom_1712661673453{margin-bottom: 40px !important;}&#8221;]<\/p>\n<h3 style=\"text-align: center;\"><strong>Andr\u00e9 Schwaller<\/strong><\/h3>\n<p style=\"text-align: center;\">Attuario<\/p>\n<p style=\"text-align: center;\"><a href=\"mailto:andre.schwaller@swisshandicapdrive.ch\" target=\"_blank\" rel=\"noopener noreferrer\" data-auth=\"NotApplicable\" data-safelink=\"true\" data-linkindex=\"0\">andre.schwaller@swisshandicapdrive.ch<\/a><\/p>\n<p>[\/vc_column_text][\/vc_column][vc_column width=&#8221;1\/3&#8243;][vc_column_text css=&#8221;.vc_custom_1712726782359{margin-bottom: 40px !important;}&#8221;]<\/p>\n<h3 style=\"text-align: center;\"><strong>Pascal D\u00e4twyler<\/strong><\/h3>\n<p style=\"text-align: center;\">Revisore dei conti<\/p>\n<p style=\"text-align: center;\"><a href=\"mailto:pascal.daetwyler@swisshandicapdrive.ch\" target=\"_blank\" rel=\"noopener noreferrer\" data-auth=\"NotApplicable\" data-safelink=\"true\" data-linkindex=\"0\">pascal.daetwyler@swisshandicapdrive.ch<\/a><\/p>\n<p>[\/vc_column_text][\/vc_column][vc_column width=&#8221;1\/3&#8243;][vc_column_text css=&#8221;.vc_custom_1712661680863{margin-bottom: 40px !important;}&#8221;]<\/p>\n<h3 style=\"text-align: center;\"><strong>Daniel Menzi<\/strong><\/h3>\n<p style=\"text-align: center;\">Responsabile Comunicazione e Sviluppo<\/p>\n<p style=\"text-align: center;\"><a href=\"mailto:daniel.menzi@swisshandicapdrive.ch\" target=\"_blank\" rel=\"noopener noreferrer\" data-auth=\"NotApplicable\" data-safelink=\"true\" data-linkindex=\"0\">daniel.menzi@swisshandicapdrive.ch<\/a><\/p>\n<p>[\/vc_column_text][\/vc_column][\/vc_row]<\/p>\n<\/div>","protected":false},"excerpt":{"rendered":"<p>[vc_row][vc_column][vc_custom_heading text=&#8221;Presidio&#8221; font_container=&#8221;tag:h1|text_align:center|color:%23111111&#8243; use_theme_fonts=&#8221;yes&#8221; css=&#8221;&#8221;][\/vc_column][\/vc_row][vc_row][vc_column width=&#8221;1\/3&#8243;][vc_single_image image=&#8221;168&#8243; img_size=&#8221;full&#8221;][vc_column_text] Jasmin Rechsteiner Presidente jasmin.rechsteiner@swisshandicapdrive.ch [\/vc_column_text][\/vc_column][vc_column width=&#8221;2\/3&#8243;][vc_column_text css=&#8221;.vc_custom_1713771193979{margin-top: 60px !important;}&#8221;]www.jasmin-rechsteiner.ch In qualit\u00e0 di ambasciatore delle persone con disabilit\u00e0 e di autista disabile di lunga data, comprendo la necessit\u00e0 di una mobilit\u00e0 indipendente e le sfide ad essa associate. So anche quanto sia importante che gli utenti della strada con disabilit\u00e0 ricevano un supporto [&hellip;]<\/p>\n","protected":false},"author":4,"featured_media":0,"parent":0,"menu_order":0,"comment_status":"closed","ping_status":"closed","template":"","meta":{"footnotes":""},"class_list":["post-448","page","type-page","status-publish","hentry"],"yoast_head":"<!-- This site is optimized with the Yoast SEO plugin v25.9 - https:\/\/yoast.com\/wordpress\/plugins\/seo\/ -->\n<title>Consiglio di amministrazione - Swiss Handicapdrive<\/title>\n<meta name=\"robots\" content=\"index, follow, max-snippet:-1, max-image-preview:large, max-video-preview:-1\" \/>\n<link rel=\"canonical\" href=\"https:\/\/swisshandicapdrive.ch\/it\/vorstand\/\" \/>\n<meta property=\"og:locale\" content=\"it_IT\" \/>\n<meta property=\"og:type\" content=\"article\" \/>\n<meta property=\"og:title\" content=\"Consiglio di amministrazione - Swiss Handicapdrive\" \/>\n<meta property=\"og:description\" content=\"[vc_row][vc_column][vc_custom_heading text=&#8221;Presidio&#8221; font_container=&#8221;tag:h1|text_align:center|color:%23111111&#8243; use_theme_fonts=&#8221;yes&#8221; css=&#8221;&#8221;][\/vc_column][\/vc_row][vc_row][vc_column width=&#8221;1\/3&#8243;][vc_single_image image=&#8221;168&#8243; img_size=&#8221;full&#8221;][vc_column_text] Jasmin Rechsteiner Presidente jasmin.rechsteiner@swisshandicapdrive.ch [\/vc_column_text][\/vc_column][vc_column width=&#8221;2\/3&#8243;][vc_column_text css=&#8221;.vc_custom_1713771193979{margin-top: 60px !important;}&#8221;]www.jasmin-rechsteiner.ch In qualit\u00e0 di ambasciatore delle persone con disabilit\u00e0 e di autista disabile di lunga data, comprendo la necessit\u00e0 di una mobilit\u00e0 indipendente e le sfide ad essa associate. So anche quanto sia importante che gli utenti della strada con disabilit\u00e0 ricevano un supporto [&hellip;]\" \/>\n<meta property=\"og:url\" content=\"https:\/\/swisshandicapdrive.ch\/it\/vorstand\/\" \/>\n<meta property=\"og:site_name\" content=\"Swiss Handicapdrive\" \/>\n<meta property=\"article:modified_time\" content=\"2025-09-13T06:50:21+00:00\" \/>\n<meta name=\"twitter:card\" content=\"summary_large_image\" \/>\n<meta name=\"twitter:label1\" content=\"Tempo di lettura stimato\" \/>\n\t<meta name=\"twitter:data1\" content=\"3 minuti\" \/>\n<script type=\"application\/ld+json\" class=\"yoast-schema-graph\">{\"@context\":\"https:\/\/schema.org\",\"@graph\":[{\"@type\":\"WebPage\",\"@id\":\"https:\/\/swisshandicapdrive.ch\/it\/vorstand\/\",\"url\":\"https:\/\/swisshandicapdrive.ch\/it\/vorstand\/\",\"name\":\"Consiglio di amministrazione - Swiss Handicapdrive\",\"isPartOf\":{\"@id\":\"https:\/\/swisshandicapdrive.ch\/it\/#website\"},\"datePublished\":\"2023-05-10T11:15:21+00:00\",\"dateModified\":\"2025-09-13T06:50:21+00:00\",\"breadcrumb\":{\"@id\":\"https:\/\/swisshandicapdrive.ch\/it\/vorstand\/#breadcrumb\"},\"inLanguage\":\"it-IT\",\"potentialAction\":[{\"@type\":\"ReadAction\",\"target\":[\"https:\/\/swisshandicapdrive.ch\/it\/vorstand\/\"]}]},{\"@type\":\"BreadcrumbList\",\"@id\":\"https:\/\/swisshandicapdrive.ch\/it\/vorstand\/#breadcrumb\",\"itemListElement\":[{\"@type\":\"ListItem\",\"position\":1,\"name\":\"Home\",\"item\":\"https:\/\/swisshandicapdrive.ch\/it\/\"},{\"@type\":\"ListItem\",\"position\":2,\"name\":\"Consiglio di amministrazione\"}]},{\"@type\":\"WebSite\",\"@id\":\"https:\/\/swisshandicapdrive.ch\/it\/#website\",\"url\":\"https:\/\/swisshandicapdrive.ch\/it\/\",\"name\":\"Swiss Handicapdrive\",\"description\":\"\",\"potentialAction\":[{\"@type\":\"SearchAction\",\"target\":{\"@type\":\"EntryPoint\",\"urlTemplate\":\"https:\/\/swisshandicapdrive.ch\/it\/?s={search_term_string}\"},\"query-input\":{\"@type\":\"PropertyValueSpecification\",\"valueRequired\":true,\"valueName\":\"search_term_string\"}}],\"inLanguage\":\"it-IT\"}]}<\/script>\n<!-- \/ Yoast SEO plugin. -->","yoast_head_json":{"title":"Consiglio di amministrazione - Swiss Handicapdrive","robots":{"index":"index","follow":"follow","max-snippet":"max-snippet:-1","max-image-preview":"max-image-preview:large","max-video-preview":"max-video-preview:-1"},"canonical":"https:\/\/swisshandicapdrive.ch\/it\/vorstand\/","og_locale":"it_IT","og_type":"article","og_title":"Consiglio di amministrazione - Swiss Handicapdrive","og_description":"[vc_row][vc_column][vc_custom_heading text=&#8221;Presidio&#8221; font_container=&#8221;tag:h1|text_align:center|color:%23111111&#8243; use_theme_fonts=&#8221;yes&#8221; css=&#8221;&#8221;][\/vc_column][\/vc_row][vc_row][vc_column width=&#8221;1\/3&#8243;][vc_single_image image=&#8221;168&#8243; img_size=&#8221;full&#8221;][vc_column_text] Jasmin Rechsteiner Presidente jasmin.rechsteiner@swisshandicapdrive.ch [\/vc_column_text][\/vc_column][vc_column width=&#8221;2\/3&#8243;][vc_column_text css=&#8221;.vc_custom_1713771193979{margin-top: 60px !important;}&#8221;]www.jasmin-rechsteiner.ch In qualit\u00e0 di ambasciatore delle persone con disabilit\u00e0 e di autista disabile di lunga data, comprendo la necessit\u00e0 di una mobilit\u00e0 indipendente e le sfide ad essa associate. So anche quanto sia importante che gli utenti della strada con disabilit\u00e0 ricevano un supporto [&hellip;]","og_url":"https:\/\/swisshandicapdrive.ch\/it\/vorstand\/","og_site_name":"Swiss Handicapdrive","article_modified_time":"2025-09-13T06:50:21+00:00","twitter_card":"summary_large_image","twitter_misc":{"Tempo di lettura stimato":"3 minuti"},"schema":{"@context":"https:\/\/schema.org","@graph":[{"@type":"WebPage","@id":"https:\/\/swisshandicapdrive.ch\/it\/vorstand\/","url":"https:\/\/swisshandicapdrive.ch\/it\/vorstand\/","name":"Consiglio di amministrazione - Swiss Handicapdrive","isPartOf":{"@id":"https:\/\/swisshandicapdrive.ch\/it\/#website"},"datePublished":"2023-05-10T11:15:21+00:00","dateModified":"2025-09-13T06:50:21+00:00","breadcrumb":{"@id":"https:\/\/swisshandicapdrive.ch\/it\/vorstand\/#breadcrumb"},"inLanguage":"it-IT","potentialAction":[{"@type":"ReadAction","target":["https:\/\/swisshandicapdrive.ch\/it\/vorstand\/"]}]},{"@type":"BreadcrumbList","@id":"https:\/\/swisshandicapdrive.ch\/it\/vorstand\/#breadcrumb","itemListElement":[{"@type":"ListItem","position":1,"name":"Home","item":"https:\/\/swisshandicapdrive.ch\/it\/"},{"@type":"ListItem","position":2,"name":"Consiglio di amministrazione"}]},{"@type":"WebSite","@id":"https:\/\/swisshandicapdrive.ch\/it\/#website","url":"https:\/\/swisshandicapdrive.ch\/it\/","name":"Swiss Handicapdrive","description":"","potentialAction":[{"@type":"SearchAction","target":{"@type":"EntryPoint","urlTemplate":"https:\/\/swisshandicapdrive.ch\/it\/?s={search_term_string}"},"query-input":{"@type":"PropertyValueSpecification","valueRequired":true,"valueName":"search_term_string"}}],"inLanguage":"it-IT"}]}},"_links":{"self":[{"href":"https:\/\/swisshandicapdrive.ch\/it\/wp-json\/wp\/v2\/pages\/448","targetHints":{"allow":["GET"]}}],"collection":[{"href":"https:\/\/swisshandicapdrive.ch\/it\/wp-json\/wp\/v2\/pages"}],"about":[{"href":"https:\/\/swisshandicapdrive.ch\/it\/wp-json\/wp\/v2\/types\/page"}],"author":[{"embeddable":true,"href":"https:\/\/swisshandicapdrive.ch\/it\/wp-json\/wp\/v2\/users\/4"}],"replies":[{"embeddable":true,"href":"https:\/\/swisshandicapdrive.ch\/it\/wp-json\/wp\/v2\/comments?post=448"}],"version-history":[{"count":8,"href":"https:\/\/swisshandicapdrive.ch\/it\/wp-json\/wp\/v2\/pages\/448\/revisions"}],"predecessor-version":[{"id":840,"href":"https:\/\/swisshandicapdrive.ch\/it\/wp-json\/wp\/v2\/pages\/448\/revisions\/840"}],"wp:attachment":[{"href":"https:\/\/swisshandicapdrive.ch\/it\/wp-json\/wp\/v2\/media?parent=448"}],"curies":[{"name":"wp","href":"https:\/\/api.w.org\/{rel}","templated":true}]}}